{"id":11652,"date":"2025-07-13T00:39:18","date_gmt":"2025-07-12T22:39:18","guid":{"rendered":"https:\/\/koehlergalerie.de\/?page_id=11652"},"modified":"2026-02-09T02:18:57","modified_gmt":"2026-02-09T01:18:57","slug":"abstrakt","status":"publish","type":"page","link":"https:\/\/koehlergalerie.de\/?page_id=11652","title":{"rendered":"Abstrakt"},"content":{"rendered":"\n<div class=\"wp-block-group alignfull is-horizontal is-content-justification-center is-layout-flex wp-container-core-group-is-layout-2b1260eb wp-block-group-is-layout-flex\" style=\"padding-top:var(--wp--preset--spacing--body-margin);padding-right:var(--wp--preset--spacing--body-margin);padding-bottom:var(--wp--preset--spacing--body-margin);padding-left:var(--wp--preset--spacing--body-margin)\"><div class=\"pgc-sgb-cb wp-block-pgcsimplygalleryblock-grid \" data-gallery-id=\"10128712\"><div class=\"sgb-preloader\" id=\"pr_10128712\">\n\t<div class=\"sgb-square\" style=\"background:#d4d4d4\"><\/div>\n\t<div class=\"sgb-square\" style=\"background:#d4d4d4\"><\/div>\n\t<div class=\"sgb-square\" style=\"background:#d4d4d4\"><\/div>\n\t<div class=\"sgb-square\" style=\"background:#d4d4d4\"><\/div><\/div><div class=\"simply-gallery-amp pgc_sgb_slider \"><noscript><div class=\"sgb-gallery\"><div class=\"sgb-item\"><a href=\"https:\/\/koehlergalerie.de\/?attachment_id=10480\" target=\"_blank\"><img loading=\"lazy\" decoding=\"async\" alt=\"\" width=\"225\" height=\"300\" loading=\"lazy\" src=\"https:\/\/koehlergalerie.de\/wp-content\/uploads\/2021\/01\/DSC_1125-225x300.jpg\" srcset=\"https:\/\/koehlergalerie.de\/wp-content\/uploads\/2021\/01\/DSC_1125-225x300.jpg 225w,https:\/\/koehlergalerie.de\/wp-content\/uploads\/2021\/01\/DSC_1125-767x1024.jpg 767w,https:\/\/koehlergalerie.de\/wp-content\/uploads\/2021\/01\/DSC_1125.jpg 1110w\" sizes=\"auto, 250px\"\/><\/a><div class=\"sgb-item-caption\"><em>Winter, \u00d6l auf Leinwand<\/em><\/div><\/div><div class=\"sgb-item\"><a href=\"https:\/\/koehlergalerie.de\/?attachment_id=10486\" target=\"_blank\"><img loading=\"lazy\" decoding=\"async\" alt=\"Gem\u00e4lde in gr\u00fcner, blauer und rosafarbener Farbgebung, abstraktes Gem\u00e4lde, Farbfeld, irrisierend, impressionistisch, malerisch\" width=\"235\" height=\"300\" loading=\"lazy\" src=\"https:\/\/koehlergalerie.de\/wp-content\/uploads\/2021\/01\/P1012623-235x300.jpg\" srcset=\"https:\/\/koehlergalerie.de\/wp-content\/uploads\/2021\/01\/P1012623-235x300.jpg 235w,https:\/\/koehlergalerie.de\/wp-content\/uploads\/2021\/01\/P1012623-803x1024.jpg 803w,https:\/\/koehlergalerie.de\/wp-content\/uploads\/2021\/01\/P1012623-scaled-e1611401792573.jpg 1000w\" sizes=\"auto, 250px\"\/><\/a><div class=\"sgb-item-caption\"><em>Blaugr\u00fcn <\/em><\/div><\/div><div class=\"sgb-item\"><a href=\"https:\/\/koehlergalerie.de\/?attachment_id=10994\" target=\"_blank\"><img loading=\"lazy\" decoding=\"async\" alt=\"Gem\u00e4lde eines gr\u00fcnen, blauen und gelben Feldes, abstrakte Malerei, Farbfeld, Impressionismus, irisierend\" width=\"226\" height=\"300\" loading=\"lazy\" src=\"https:\/\/koehlergalerie.de\/wp-content\/uploads\/2023\/05\/DSC_2417-226x300.jpg\" srcset=\"https:\/\/koehlergalerie.de\/wp-content\/uploads\/2023\/05\/DSC_2417-226x300.jpg 226w,https:\/\/koehlergalerie.de\/wp-content\/uploads\/2023\/05\/DSC_2417-772x1024.jpg 772w,https:\/\/koehlergalerie.de\/wp-content\/uploads\/2023\/05\/DSC_2417-scaled.jpg 1929w\" sizes=\"auto, 250px\"\/><\/a><div class=\"sgb-item-caption\"><em>Blau II<\/em><\/div><\/div><div class=\"sgb-item\"><a href=\"https:\/\/koehlergalerie.de\/?attachment_id=11385\" target=\"_blank\"><img loading=\"lazy\" decoding=\"async\" alt=\"ein mehrfarbiger Hintergrund aus gleich gro\u00dfen Quadraten, ein abstraktes Gem\u00e4lde, modularer Konstruktivismus, chromatisch, Pixel\" width=\"300\" height=\"300\" loading=\"lazy\" src=\"https:\/\/koehlergalerie.de\/wp-content\/uploads\/2024\/04\/Quadrate-nr1-300x300.jpg\" srcset=\"https:\/\/koehlergalerie.de\/wp-content\/uploads\/2024\/04\/Quadrate-nr1-300x300.jpg 300w,https:\/\/koehlergalerie.de\/wp-content\/uploads\/2024\/04\/Quadrate-nr1-1020x1024.jpg 1020w,https:\/\/koehlergalerie.de\/wp-content\/uploads\/2024\/04\/Quadrate-nr1-scaled.jpg 2550w\" sizes=\"auto, 250px\"\/><\/a><div class=\"sgb-item-caption\"><em>Farbquadrate I \u2014 \u00d6l auf Leinwand | 2023 | 80 x 80 cm | 2500 \u20ac<\/em><\/div><\/div><div class=\"sgb-item\"><a href=\"https:\/\/koehlergalerie.de\/?attachment_id=11386\" target=\"_blank\"><img loading=\"lazy\" decoding=\"async\" alt=\"ein mehrfarbiger Hintergrund aus gleich gro\u00dfen Quadraten, ein abstraktes Gem\u00e4lde, modularer Konstruktivismus, chromatisch, Pixel\" width=\"300\" height=\"300\" loading=\"lazy\" src=\"https:\/\/koehlergalerie.de\/wp-content\/uploads\/2024\/04\/Quadrate-nr2-300x300.jpg\" srcset=\"https:\/\/koehlergalerie.de\/wp-content\/uploads\/2024\/04\/Quadrate-nr2-300x300.jpg 300w,https:\/\/koehlergalerie.de\/wp-content\/uploads\/2024\/04\/Quadrate-nr2-1021x1024.jpg 1021w,https:\/\/koehlergalerie.de\/wp-content\/uploads\/2024\/04\/Quadrate-nr2-scaled.jpg 2552w\" sizes=\"auto, 250px\"\/><\/a><div class=\"sgb-item-caption\"><em>Farbquadrate II<\/em><\/div><\/div><div class=\"sgb-item\"><a href=\"https:\/\/koehlergalerie.de\/?attachment_id=11387\" target=\"_blank\"><img loading=\"lazy\" decoding=\"async\" alt=\"ein mehrfarbiger Hintergrund aus gleich gro\u00dfen Quadraten, ein abstraktes Gem\u00e4lde, modularer Konstruktivismus, chromatisch, Pixel\" width=\"300\" height=\"300\" loading=\"lazy\" src=\"https:\/\/koehlergalerie.de\/wp-content\/uploads\/2024\/04\/Quadrate-nr3-300x300.jpg\" srcset=\"https:\/\/koehlergalerie.de\/wp-content\/uploads\/2024\/04\/Quadrate-nr3-300x300.jpg 300w,https:\/\/koehlergalerie.de\/wp-content\/uploads\/2024\/04\/Quadrate-nr3-1024x1020.jpg 1024w,https:\/\/koehlergalerie.de\/wp-content\/uploads\/2024\/04\/Quadrate-nr3-scaled.jpg 2560w\" sizes=\"auto, 250px\"\/><\/a><div class=\"sgb-item-caption\"><em>Farbquadrate III<\/em><\/div><\/div><\/div><\/noscript><\/div><script type=\"application\/json\" class=\"sgb-data\">{\"collectionColumns\":4,\"collectionThumbRecomendedWidth\":250,\"thumbSpacing\":10,\"externalLinkFontSize\":10,\"captionSrc\":\"title\",\"captionHAlign\":\"bottom\",\"collectionthumbHoverTitleTextBgColor\":\"rgba(0,0,0,0)\",\"collectionThumbSubMenuDownload\":false,\"galleryType\":\"pgc_sgb_grid\",\"galleryId\":\"10128712\",\"images\":[{\"id\":10480,\"title\":\"Winter\",\"url\":\"https:\/\/koehlergalerie.de\/wp-content\/uploads\/2021\/01\/DSC_1125.jpg\",\"link\":\"https:\/\/koehlergalerie.de\/?attachment_id=10480\",\"alt\":\"\",\"description\":\"\",\"caption\":\"Winter, \u00d6l auf Leinwand\",\"mime\":\"image\/jpeg\",\"type\":\"image\",\"width\":1110,\"height\":1482,\"sizes\":{\"thumbnail\":{\"height\":150,\"width\":150,\"url\":\"https:\/\/koehlergalerie.de\/wp-content\/uploads\/2021\/01\/DSC_1125-150x150.jpg\",\"orientation\":\"landscape\"},\"medium\":{\"height\":300,\"width\":225,\"url\":\"https:\/\/koehlergalerie.de\/wp-content\/uploads\/2021\/01\/DSC_1125-225x300.jpg\",\"orientation\":\"portrait\"},\"large\":{\"height\":1024,\"width\":767,\"url\":\"https:\/\/koehlergalerie.de\/wp-content\/uploads\/2021\/01\/DSC_1125-767x1024.jpg\",\"orientation\":\"portrait\"},\"full\":{\"url\":\"https:\/\/koehlergalerie.de\/wp-content\/uploads\/2021\/01\/DSC_1125.jpg\",\"height\":1482,\"width\":1110,\"orientation\":\"portrait\"}},\"imageMeta\":{\"aperture\":\"5\",\"credit\":\"\",\"camera\":\"NIKON D3300\",\"caption\":\"\",\"created_timestamp\":\"1602253914\",\"copyright\":\"\",\"focal_length\":\"18\",\"iso\":\"800\",\"shutter_speed\":\"0.01\",\"title\":\"\",\"orientation\":\"1\",\"keywords\":[]},\"meta\":false,\"postlink\":\"https:\/\/koehlergalerie.de\/?attachment_id=10480\"},{\"id\":10486,\"title\":\"Blaugr\u00fcn\",\"url\":\"https:\/\/koehlergalerie.de\/wp-content\/uploads\/2021\/01\/P1012623-scaled-e1611401792573.jpg\",\"link\":\"https:\/\/koehlergalerie.de\/?attachment_id=10486\",\"alt\":\"Gem\u00e4lde in gr\u00fcner, blauer und rosafarbener Farbgebung, abstraktes Gem\u00e4lde, Farbfeld, irrisierend, impressionistisch, malerisch\",\"description\":\"\u00d6l auf Leinwand | 2016 | 70 x 100 cm | 2.250,00 \u20ac\\n\\n\",\"caption\":\"Blaugr\u00fcn \",\"mime\":\"image\/jpeg\",\"type\":\"image\",\"width\":1000,\"height\":1276,\"sizes\":{\"thumbnail\":{\"height\":150,\"width\":150,\"url\":\"https:\/\/koehlergalerie.de\/wp-content\/uploads\/2021\/01\/P1012623-150x150.jpg\",\"orientation\":\"landscape\"},\"medium\":{\"height\":300,\"width\":235,\"url\":\"https:\/\/koehlergalerie.de\/wp-content\/uploads\/2021\/01\/P1012623-235x300.jpg\",\"orientation\":\"portrait\"},\"large\":{\"height\":1024,\"width\":803,\"url\":\"https:\/\/koehlergalerie.de\/wp-content\/uploads\/2021\/01\/P1012623-803x1024.jpg\",\"orientation\":\"portrait\"},\"full\":{\"url\":\"https:\/\/koehlergalerie.de\/wp-content\/uploads\/2021\/01\/P1012623-scaled-e1611401792573.jpg\",\"height\":1276,\"width\":1000,\"orientation\":\"portrait\"}},\"imageMeta\":{\"aperture\":\"0\",\"credit\":\"\",\"camera\":\"\",\"caption\":\"\",\"created_timestamp\":\"0\",\"copyright\":\"\",\"focal_length\":\"0\",\"iso\":\"0\",\"shutter_speed\":\"0\",\"title\":\"\",\"orientation\":\"0\",\"keywords\":[]},\"meta\":false,\"postlink\":\"https:\/\/koehlergalerie.de\/?attachment_id=10486\"},{\"id\":10994,\"title\":\"Blau II\",\"url\":\"https:\/\/koehlergalerie.de\/wp-content\/uploads\/2023\/05\/DSC_2417-scaled.jpg\",\"link\":\"https:\/\/koehlergalerie.de\/?attachment_id=10994\",\"alt\":\"Gem\u00e4lde eines gr\u00fcnen, blauen und gelben Feldes, abstrakte Malerei, Farbfeld, Impressionismus, irisierend\",\"description\":\"\u00d6l auf Leinwand | 2015 | 70 x 100 cm | 1.850,00 \u20ac\\n\\n\\n\",\"caption\":\"Blau II\",\"mime\":\"image\/jpeg\",\"type\":\"image\",\"width\":1929,\"height\":2560,\"sizes\":{\"thumbnail\":{\"height\":150,\"width\":150,\"url\":\"https:\/\/koehlergalerie.de\/wp-content\/uploads\/2023\/05\/DSC_2417-150x150.jpg\",\"orientation\":\"landscape\"},\"medium\":{\"height\":300,\"width\":226,\"url\":\"https:\/\/koehlergalerie.de\/wp-content\/uploads\/2023\/05\/DSC_2417-226x300.jpg\",\"orientation\":\"portrait\"},\"large\":{\"height\":1024,\"width\":772,\"url\":\"https:\/\/koehlergalerie.de\/wp-content\/uploads\/2023\/05\/DSC_2417-772x1024.jpg\",\"orientation\":\"portrait\"},\"full\":{\"url\":\"https:\/\/koehlergalerie.de\/wp-content\/uploads\/2023\/05\/DSC_2417-scaled.jpg\",\"height\":2560,\"width\":1929,\"orientation\":\"portrait\"}},\"imageMeta\":{\"aperture\":\"4\",\"credit\":\"\",\"camera\":\"NIKON D3300\",\"caption\":\"\",\"created_timestamp\":\"1666344021\",\"copyright\":\"\",\"focal_length\":\"18\",\"iso\":\"450\",\"shutter_speed\":\"0.016666666666667\",\"title\":\"\",\"orientation\":\"1\",\"keywords\":[]},\"meta\":false,\"postlink\":\"https:\/\/koehlergalerie.de\/?attachment_id=10994\"},{\"id\":11385,\"title\":\"Farbquadrate I\",\"url\":\"https:\/\/koehlergalerie.de\/wp-content\/uploads\/2024\/04\/Quadrate-nr1-scaled.jpg\",\"link\":\"https:\/\/koehlergalerie.de\/?attachment_id=11385\",\"alt\":\"ein mehrfarbiger Hintergrund aus gleich gro\u00dfen Quadraten, ein abstraktes Gem\u00e4lde, modularer Konstruktivismus, chromatisch, Pixel\",\"description\":\"Farbquadrate I \\u002d\\u002d- \u00d6l auf Leinwand | 2023 | 80 x 80 cm | 1500 \u20ac. Ein mehrfarbiger Hintergrund aus gleich gro\u00dfen Quadraten, ein abstraktes Gem\u00e4lde, modularer Konstruktivismus, chromatisch, Pixel\",\"caption\":\"Farbquadrate I \\u002d\\u002d- \u00d6l auf Leinwand | 2023 | 80 x 80 cm | 2500 \u20ac\",\"mime\":\"image\/jpeg\",\"type\":\"image\",\"width\":2550,\"height\":2560,\"sizes\":{\"thumbnail\":{\"height\":150,\"width\":150,\"url\":\"https:\/\/koehlergalerie.de\/wp-content\/uploads\/2024\/04\/Quadrate-nr1-150x150.jpg\",\"orientation\":\"landscape\"},\"medium\":{\"height\":300,\"width\":300,\"url\":\"https:\/\/koehlergalerie.de\/wp-content\/uploads\/2024\/04\/Quadrate-nr1-300x300.jpg\",\"orientation\":\"landscape\"},\"large\":{\"height\":1024,\"width\":1020,\"url\":\"https:\/\/koehlergalerie.de\/wp-content\/uploads\/2024\/04\/Quadrate-nr1-1020x1024.jpg\",\"orientation\":\"portrait\"},\"full\":{\"url\":\"https:\/\/koehlergalerie.de\/wp-content\/uploads\/2024\/04\/Quadrate-nr1-scaled.jpg\",\"height\":2560,\"width\":2550,\"orientation\":\"portrait\"}},\"imageMeta\":{\"aperture\":\"6.3\",\"credit\":\"\",\"camera\":\"NIKON D3300\",\"caption\":\"\",\"created_timestamp\":\"1707999364\",\"copyright\":\"\",\"focal_length\":\"31\",\"iso\":\"400\",\"shutter_speed\":\"0.025\",\"title\":\"\",\"orientation\":\"0\",\"keywords\":[]},\"meta\":false,\"postlink\":\"https:\/\/koehlergalerie.de\/?attachment_id=11385\"},{\"id\":11386,\"title\":\"Farbquadrate II\",\"url\":\"https:\/\/koehlergalerie.de\/wp-content\/uploads\/2024\/04\/Quadrate-nr2-scaled.jpg\",\"link\":\"https:\/\/koehlergalerie.de\/?attachment_id=11386\",\"alt\":\"ein mehrfarbiger Hintergrund aus gleich gro\u00dfen Quadraten, ein abstraktes Gem\u00e4lde, modularer Konstruktivismus, chromatisch, Pixel\",\"description\":\"\u00d6l auf Leinwand | 2023 | 80 x 80 cm | 1500 \u20ac\",\"caption\":\"Farbquadrate II\",\"mime\":\"image\/jpeg\",\"type\":\"image\",\"width\":2552,\"height\":2560,\"sizes\":{\"thumbnail\":{\"height\":150,\"width\":150,\"url\":\"https:\/\/koehlergalerie.de\/wp-content\/uploads\/2024\/04\/Quadrate-nr2-150x150.jpg\",\"orientation\":\"landscape\"},\"medium\":{\"height\":300,\"width\":300,\"url\":\"https:\/\/koehlergalerie.de\/wp-content\/uploads\/2024\/04\/Quadrate-nr2-300x300.jpg\",\"orientation\":\"landscape\"},\"large\":{\"height\":1024,\"width\":1021,\"url\":\"https:\/\/koehlergalerie.de\/wp-content\/uploads\/2024\/04\/Quadrate-nr2-1021x1024.jpg\",\"orientation\":\"portrait\"},\"full\":{\"url\":\"https:\/\/koehlergalerie.de\/wp-content\/uploads\/2024\/04\/Quadrate-nr2-scaled.jpg\",\"height\":2560,\"width\":2552,\"orientation\":\"portrait\"}},\"imageMeta\":{\"aperture\":\"6.3\",\"credit\":\"\",\"camera\":\"NIKON D3300\",\"caption\":\"\",\"created_timestamp\":\"1707999776\",\"copyright\":\"\",\"focal_length\":\"32\",\"iso\":\"400\",\"shutter_speed\":\"0.025\",\"title\":\"\",\"orientation\":\"0\",\"keywords\":[]},\"meta\":false,\"postlink\":\"https:\/\/koehlergalerie.de\/?attachment_id=11386\"},{\"id\":11387,\"title\":\"Farbquadrate III\",\"url\":\"https:\/\/koehlergalerie.de\/wp-content\/uploads\/2024\/04\/Quadrate-nr3-scaled.jpg\",\"link\":\"https:\/\/koehlergalerie.de\/?attachment_id=11387\",\"alt\":\"ein mehrfarbiger Hintergrund aus gleich gro\u00dfen Quadraten, ein abstraktes Gem\u00e4lde, modularer Konstruktivismus, chromatisch, Pixel\",\"description\":\"\u00d6l auf Leinwand | 2024 | 80 x 80 cm | 2500 \u20ac\",\"caption\":\"Farbquadrate III\",\"mime\":\"image\/jpeg\",\"type\":\"image\",\"width\":2560,\"height\":2550,\"sizes\":{\"thumbnail\":{\"height\":150,\"width\":150,\"url\":\"https:\/\/koehlergalerie.de\/wp-content\/uploads\/2024\/04\/Quadrate-nr3-150x150.jpg\",\"orientation\":\"landscape\"},\"medium\":{\"height\":300,\"width\":300,\"url\":\"https:\/\/koehlergalerie.de\/wp-content\/uploads\/2024\/04\/Quadrate-nr3-300x300.jpg\",\"orientation\":\"landscape\"},\"large\":{\"height\":1020,\"width\":1024,\"url\":\"https:\/\/koehlergalerie.de\/wp-content\/uploads\/2024\/04\/Quadrate-nr3-1024x1020.jpg\",\"orientation\":\"landscape\"},\"full\":{\"url\":\"https:\/\/koehlergalerie.de\/wp-content\/uploads\/2024\/04\/Quadrate-nr3-scaled.jpg\",\"height\":2550,\"width\":2560,\"orientation\":\"landscape\"}},\"imageMeta\":{\"aperture\":\"6.3\",\"credit\":\"\",\"camera\":\"NIKON D3300\",\"caption\":\"\",\"created_timestamp\":\"1707999836\",\"copyright\":\"\",\"focal_length\":\"32\",\"iso\":\"400\",\"shutter_speed\":\"0.025\",\"title\":\"\",\"orientation\":\"0\",\"keywords\":[]},\"meta\":false,\"postlink\":\"https:\/\/koehlergalerie.de\/?attachment_id=11387\"}],\"orderBy\":\"id\",\"shareTwitter\":false,\"sliderItemDownload\":false,\"sliderSocialShareEnabled\":false,\"sliderZoomEnable\":false,\"sliderFullscreenEnabled\":false,\"itemsMetaDataCollection\":[]}<\/script><script>(function(){if(window.PGC_SGB && window.PGC_SGB.searcher){window.PGC_SGB.searcher.initBlocks()}})()<\/script><\/div><\/div>\n","protected":false},"excerpt":{"rendered":"","protected":false},"author":1,"featured_media":0,"parent":0,"menu_order":3,"comment_status":"closed","ping_status":"closed","template":"","meta":{"_acf_changed":false,"pgc_sgb_lightbox_settings":"","footnotes":""},"class_list":["post-11652","page","type-page","status-publish","hentry"],"acf":[],"aioseo_notices":[],"_links":{"self":[{"href":"https:\/\/koehlergalerie.de\/index.php?rest_route=\/wp\/v2\/pages\/11652","targetHints":{"allow":["GET"]}}],"collection":[{"href":"https:\/\/koehlergalerie.de\/index.php?rest_route=\/wp\/v2\/pages"}],"about":[{"href":"https:\/\/koehlergalerie.de\/index.php?rest_route=\/wp\/v2\/types\/page"}],"author":[{"embeddable":true,"href":"https:\/\/koehlergalerie.de\/index.php?rest_route=\/wp\/v2\/users\/1"}],"replies":[{"embeddable":true,"href":"https:\/\/koehlergalerie.de\/index.php?rest_route=%2Fwp%2Fv2%2Fcomments&post=11652"}],"version-history":[{"count":33,"href":"https:\/\/koehlergalerie.de\/index.php?rest_route=\/wp\/v2\/pages\/11652\/revisions"}],"predecessor-version":[{"id":11791,"href":"https:\/\/koehlergalerie.de\/index.php?rest_route=\/wp\/v2\/pages\/11652\/revisions\/11791"}],"wp:attachment":[{"href":"https:\/\/koehlergalerie.de\/index.php?rest_route=%2Fwp%2Fv2%2Fmedia&parent=11652"}],"curies":[{"name":"wp","href":"https:\/\/api.w.org\/{rel}","templated":true}]}}