{"id":11299,"date":"2024-01-26T00:15:34","date_gmt":"2024-01-25T23:15:34","guid":{"rendered":"https:\/\/koehlergalerie.de\/?page_id=11299"},"modified":"2024-01-26T00:17:56","modified_gmt":"2024-01-25T23:17:56","slug":"impressum","status":"publish","type":"page","link":"https:\/\/koehlergalerie.de\/?page_id=11299","title":{"rendered":"Impressum"},"content":{"rendered":"\t\t<div data-elementor-type=\"wp-post\" data-elementor-id=\"11299\" class=\"elementor elementor-11299\">\n\t\t\t\t\t\t<section class=\"elementor-section elementor-top-section elementor-element elementor-element-1911651 elementor-section-content-top elementor-section-stretched elementor-section-boxed elementor-section-height-default elementor-section-height-default\" data-id=\"1911651\" data-element_type=\"section\" data-e-type=\"section\" data-settings=\"{&quot;stretch_section&quot;:&quot;section-stretched&quot;}\">\n\t\t\t\t\t\t<div class=\"elementor-container elementor-column-gap-default\">\n\t\t\t\t\t<div class=\"elementor-column elementor-col-100 elementor-top-column elementor-element elementor-element-a7d526a\" data-id=\"a7d526a\" data-element_type=\"column\" data-e-type=\"column\">\n\t\t\t<div class=\"elementor-widget-wrap elementor-element-populated\">\n\t\t\t\t\t\t<div class=\"elementor-element elementor-element-b67adbc elementor-widget__width-initial elementor-widget elementor-widget-text-editor\" data-id=\"b67adbc\" data-element_type=\"widget\" data-e-type=\"widget\" data-widget_type=\"text-editor.default\">\n\t\t\t\t<div class=\"elementor-widget-container\">\n\t\t\t\t\t\t\t\t\t<p>IMPRESSUM<\/p><p>\u00a0<\/p><p>I. Name und Anschrift des Verantwortlichen<br \/>Der Verantwortliche im Sinne der Datenschutz-Grundverordnung und anderer nationaler Datenschutzgesetze der Mitgliedsstaaten sowie sonstiger datenschutzrechtlicher Bestimmungen ist:<\/p><p>Elzbieta K\u00f6hler<br \/>Ermschwerderstra\u00dfe 15<br \/>37213 Witzenhausen<br \/>fon +49 (0) 176 44572187<br \/>mail@koehlergalerie.de<\/p><p>II. Allgemeines zur Datenverarbeitung<\/p><p>1. Umfang der Verarbeitung personenbezogener Daten<\/p><p>Wir verarbeiten personenbezogene Daten unserer Nutzer grunds\u00e4tzlich nur, soweit dies zur Bereitstellung einer funktionsf\u00e4higen Website sowie unserer Inhalte und Leistungen erforderlich ist. Die Verarbeitung personenbezogener Daten unserer Nutzer erfolgt regelm\u00e4\u00dfig nur nach Einwilligung des Nutzers. Eine Ausnahme gilt in solchen F\u00e4llen, in denen eine vorherige Einholung einer Einwilligung aus tats\u00e4chlichen Gr\u00fcnden nicht m\u00f6glich ist und die Verarbeitung der Daten durch gesetzliche Vorschriften gestattet ist.<\/p><p>2. Rechtsgrundlage f\u00fcr die Verarbeitung personenbezogener Daten<\/p><p>Soweit wir f\u00fcr Verarbeitungsvorg\u00e4nge personenbezogener Daten eine Einwilligung der betroffenen Person einholen, dient Art. 6 Abs. 1 lit. a EU-Datenschutzgrundverordnung (DSGVO) als Rechtsgrundlage.<\/p><p>Bei der Verarbeitung von personenbezogenen Daten, die zur Erf\u00fcllung eines Vertrages, dessen Vertragspartei die betroffene Person ist, erforderlich ist, dient Art. 6 Abs. 1 lit. b DSGVO als Rechtsgrundlage. Dies gilt auch f\u00fcr Verarbeitungsvorg\u00e4nge, die zur Durchf\u00fchrung vorvertraglicher Ma\u00dfnahmen erforderlich sind.<\/p><p>Soweit eine Verarbeitung personenbezogener Daten zur Erf\u00fcllung einer rechtlichen Verpflichtung erforderlich ist, der unser Unternehmen unterliegt, dient Art. 6 Abs. 1 lit. c DSGVO als Rechtsgrundlage.<\/p><p>F\u00fcr den Fall, dass lebenswichtige Interessen der betroffenen Person oder einer anderen nat\u00fcrlichen Person eine Verarbeitung personenbezogener Daten erforderlich machen, dient Art. 6 Abs. 1 lit. d DSGVO als Rechtsgrundlage.<\/p><p>Ist die Verarbeitung zur Wahrung eines berechtigten Interesses unseres Unternehmens oder eines Dritten erforderlich und \u00fcberwiegen die Interessen, Grundrechte und Grundfreiheiten des Betroffenen das erstgenannte Interesse nicht, so dient Art. 6 Abs. 1 lit. f DSGVO als Rechtsgrundlage f\u00fcr die Verarbeitung.<\/p><p>3. Datenl\u00f6schung und Speicherdauer<\/p><p>Die personenbezogenen Daten der betroffenen Person werden gel\u00f6scht oder gesperrt, sobald der Zweck der Speicherung entf\u00e4llt. Eine Speicherung kann dar\u00fcber hinaus erfolgen, wenn dies durch den europ\u00e4ischen oder nationalen Gesetzgeber in unionsrechtlichen Verordnungen, Gesetzen oder sonstigen Vorschriften, denen der Verantwortliche unterliegt, vorgesehen wurde. Eine Sperrung oder L\u00f6schung der Daten erfolgt auch dann, wenn eine durch die genannten Normen vorgeschriebene Speicherfrist abl\u00e4uft, es sei denn, dass eine Erforderlichkeit zur weiteren Speicherung der Daten f\u00fcr einen Vertragsabschluss oder eine Vertragserf\u00fcllung besteht.<\/p><p>III. Erhebung und Speicherung personenbezogener Daten sowie Art und Zweck von deren Verwendung<\/p><p>1. Beim Besuch der Website<\/p><p>Beim Aufrufen unserer Website www.koehlergalerie.de werden durch den auf Ihrem Endger\u00e4t zum Einsatz kommenden Browser automatisch Informationen an den Server unserer Website gesendet. Diese Informationen werden tempor\u00e4r in einem sog. Logfile gespeichert. Folgende Informationen werden dabei ohne Ihr Zutun erfasst und bis zur automatisierten L\u00f6schung gespeichert:<\/p><p>IP-Adresse des anfragenden Rechners,<br \/>Datum und Uhrzeit des Zugriffs,<br \/>Name und URL der abgerufenen Datei,<br \/>Website, von der aus der Zugriff erfolgt (Referrer-URL),<br \/>verwendeter Browser und ggf. das Betriebssystem Ihres Rechners sowie der Name Ihres Access-Providers.<\/p><p>Die genannten Daten werden durch uns zu folgenden Zwecken verarbeitet:<\/p><p>Gew\u00e4hrleistung eines reibungslosen Verbindungsaufbaus der Website,<br \/>Gew\u00e4hrleistung einer komfortablen Nutzung unserer Website,<br \/>Auswertung der Systemsicherheit und -stabilit\u00e4t sowie<br \/>zu weiteren administrativen Zwecken.<br \/>Die Rechtsgrundlage f\u00fcr die Datenverarbeitung ist Art. 6 Abs. 1 S. 1 lit. f DSGVO. Unser berechtigtes Interesse folgt aus oben aufgelisteten Zwecken zur Datenerhebung. In keinem Fall verwenden wir die erhobenen Daten zu dem Zweck, R\u00fcckschl\u00fcsse auf Ihre Person zu ziehen.<\/p><p>Dar\u00fcber hinaus setzen wir beim Besuch unserer Website einen Analysedienst ein. N\u00e4here Erl\u00e4uterungen dazu erhalten Sie unter IV.<\/p><p>2. Kontaktaufnahme per Email<\/p><p>Diese ist \u00fcber die bereitgestellte E-Mail-Adresse m\u00f6glich. In diesem Fall werden die mit der E-Mail \u00fcbermittelten personenbezogenen Daten des Nutzers gespeichert.<\/p><p>Es erfolgt in diesem Zusammenhang keine Weitergabe der Daten an Dritte. Die Daten werden ausschlie\u00dflich f\u00fcr die Verarbeitung der Konversation verwendet.<\/p><p>Rechtsgrundlage f\u00fcr die Verarbeitung der Daten, die im Zuge einer \u00dcbersendung einer E-Mail \u00fcbermittelt werden, ist Art. 6 Abs. 1 lit. f DSGVO. Zielt der E-Mail-Kontakt auf den Abschluss eines Vertrages ab, so ist zus\u00e4tzliche Rechtsgrundlage f\u00fcr die Verarbeitung Art. 6 Abs. 1 lit. b DSGVO.<\/p><p>IV. Weitergabe von Daten<\/p><p>Eine \u00dcbermittlung Ihrer pers\u00f6nlichen Daten an Dritte zu anderen als den im Folgenden aufgef\u00fchrten Zwecken findet nicht statt.<\/p><p>Wir geben Ihre pers\u00f6nlichen Daten nur an Dritte weiter, wenn:<\/p><p>Sie Ihre nach Art. 6 Abs. 1 S. 1 lit. a DSGVO ausdr\u00fcckliche Einwilligung dazu erteilt haben,<br \/>die Weitergabe nach Art. 6 Abs. 1 S. 1 lit. f DSGVO zur Geltendmachung, Aus\u00fcbung oder Verteidigung von Rechtsanspr\u00fcchen erforderlich ist und kein Grund zur Annahme besteht, dass Sie ein \u00fcberwiegendes schutzw\u00fcrdiges Interesse an der Nichtweitergabe Ihrer Daten haben,<br \/>f\u00fcr den Fall, dass f\u00fcr die Weitergabe nach Art. 6 Abs. 1 S. 1 lit. c DSGVO eine gesetzliche Verpflichtung besteht, sowie<br \/>dies gesetzlich zul\u00e4ssig und nach Art. 6 Abs. 1 S. 1 lit. b DSGVO f\u00fcr die Abwicklung von Vertragsverh\u00e4ltnissen mit Ihnen erforderlich ist<\/p><p>V. Analyse-Tools<\/p><p>Die im Folgenden aufgef\u00fchrten und von uns eingesetzten Tracking-Ma\u00dfnahmen werden auf Grundlage des Art. 6 Abs. 1 S. 1 lit. f DSGVO durchgef\u00fchrt. Mit den zum Einsatz kommenden Tracking-Ma\u00dfnahmen wollen wir eine bedarfsgerechte Gestaltung und die fortlaufende Optimierung unserer Webseite sicherstellen. Zum anderen setzen wir die Tracking-Ma\u00dfnahmen ein, um die Nutzung unserer Webseite statistisch zu erfassen und zum Zwecke der Optimierung unseres Angebotes f\u00fcr Sie auszuwerten. Diese Interessen sind als berechtigt im Sinne der vorgenannten Vorschrift anzusehen. Die jeweiligen Datenverarbeitungszwecke und Datenkategorien sind aus den entsprechenden Tracking-Tools zu entnehmen.<\/p><p>Google Analytics<\/p><p>Zum Zwecke der bedarfsgerechten Gestaltung und fortlaufenden Optimierung unserer Seiten nutzen wir Google Analytics, ein Webanalysedienst der Google Inc. (https:\/\/www.google.de\/intl\/de\/about\/) (1600 Amphitheatre Parkway, Mountain View, CA 94043, USA; im Folgenden \u201eGoogle\u201c). In diesem Zusammenhang werden pseudonymisierte Nutzungsprofile erstellt und Cookies (siehe unter Ziff. 4) verwendet. Die durch den Cookie erzeugten Informationen \u00fcber Ihre Benutzung dieser Website wie<\/p><p>Browser-Typ\/-Version,<br \/>verwendetes Betriebssystem,<br \/>Referrer-URL (die zuvor besuchte Seite),<br \/>Hostname des zugreifenden Rechners (IP-Adresse),<br \/>Uhrzeit der Serveranfrage,<\/p><p>werden an einen Server von Google in den USA \u00fcbertragen und dort gespeichert. Die Informationen werden verwendet, um die Nutzung der Website auszuwerten, um Reports \u00fcber die Websiteaktivit\u00e4ten zusammenzustellen und um weitere mit der Websitenutzung und der Internetnutzung verbundene Dienstleistungen zu Zwecken der Marktforschung und bedarfsgerechten Gestaltung dieser Internetseiten zu erbringen. Auch werden diese Informationen gegebenenfalls an Dritte \u00fcbertragen, sofern dies gesetzlich vorgeschrieben ist oder soweit Dritte diese Daten im Auftrag verarbeiten. Es wird in keinem Fall Ihre IP-Adresse mit anderen Daten von Google zusammengef\u00fchrt. Die IP-Adressen werden anonymisiert, so dass eine Zuordnung nicht m\u00f6glich ist (IP-Masking). Sie k\u00f6nnen die Installation der Cookies durch eine entsprechende Einstellung der Browser-Software verhindern; wir weisen jedoch darauf hin, dass in diesem Fall gegebenenfalls nicht s\u00e4mtliche Funktionen dieser Website vollumf\u00e4nglich genutzt werden k\u00f6nnen. Sie k\u00f6nnen dar\u00fcber hinaus die Erfassung der durch das Cookie erzeugten und auf Ihre Nutzung der Website bezogenen Daten (inkl. Ihrer IP-Adresse) sowie die Verarbeitung dieser Daten durch Google verhindern, indem Sie ein Browser-Add-on herunterladen und installieren (https:\/\/tools.google.com\/dlpage\/gaoptout?hl=de). Alternativ zum Browser-Add-on, insbesondere bei Browsern auf mobilen Endger\u00e4ten, k\u00f6nnen Sie die Erfassung durch Google Analytics auch verhindern, indem Sie auf diesen Link klicken. Es wird ein Opt-out-Cookie gesetzt, das die zuk\u00fcnftige Erfassung Ihrer Daten beim Besuch dieser Website verhindert. Der Opt-out-Cookie gilt nur in diesem Browser und nur f\u00fcr unsere Website und wird auf Ihrem Ger\u00e4t abgelegt. L\u00f6schen Sie die Cookies in diesem Browser, m\u00fcssen Sie das Opt-out-Cookie erneut setzen. Weitere Informationen zum Datenschutz im Zusammenhang mit Google Analytics finden Sie etwa in der Google Analytics-Hilfe (https:\/\/support.google.com\/analytics\/answer\/6004245?hl=de).<\/p><p>VI. Betroffenenrechte<\/p><p>Bez\u00fcglich der Verarbeitung Ihrer personenbezogenen Daten stehen Ihnen umfangreiche Rechte zu. Zun\u00e4chst haben Sie ein umfangreiches Auskunftsrecht und k\u00f6nnen ggf. die Berichtigung und\/oder L\u00f6schung bzw. Sperrung Ihrer personenbezogenen Daten verlangen. Sie k\u00f6nnen auch eine Einschr\u00e4nkung der Verarbeitung verlangen und haben ein Widerspruchsrecht. Im Hinblick auf die uns von Ihnen \u00fcbermittelten personenbezogenen Daten steht Ihnen au\u00dferdem ein Recht auf Daten\u00fcbertragbarkeit zu. Eine einmal von Ihnen erteilte Einwilligung kann jederzeit mit Wirkung f\u00fcr die Zukunft frei widerrufen werden. Durch den Widerruf der Einwilligung wird die Rechtm\u00e4\u00dfigkeit der aufgrund der Einwilligung bis zum Widerruf erfolgten Verarbeitung nicht ber\u00fchrt. Sofern die Verarbeitung Ihrer personenbezogenen Daten nicht auf einer Einwilligung beruht, sondern aufgrund einer anderen Rechtsgrundlage erfolgt, k\u00f6nnen Sie dieser Datenverarbeitung widersprechen. Ihr Widerspruch f\u00fchrt zu einer \u00dcberpr\u00fcfung und ggf. Beendigung der Datenverarbeitung. Sie werden \u00fcber das Ergebnis der \u00dcberpr\u00fcfung informiert und erhalten \u2212 sobald die Datenverarbeitung dennoch fortgesetzt werden soll \u2212 von uns n\u00e4here Informationen, warum die Datenverarbeitung zul\u00e4ssig ist. Dar\u00fcber hinaus steht Ihnen auch ein Beschwerderecht bei einer Aufsichtsbeh\u00f6rde zu.<\/p><p>Stand Januar 2024<\/p>\t\t\t\t\t\t\t\t<\/div>\n\t\t\t\t<\/div>\n\t\t\t\t\t<\/div>\n\t\t<\/div>\n\t\t\t\t\t<\/div>\n\t\t<\/section>\n\t\t\t\t<\/div>\n\t\t","protected":false},"excerpt":{"rendered":"<p>IMPRESSUM \u00a0 I. Name und Anschrift des VerantwortlichenDer Verantwortliche im Sinne der Datenschutz-Grundverordnung und anderer nationaler Datenschutzgesetze der Mitgliedsstaaten sowie sonstiger datenschutzrechtlicher Bestimmungen ist: Elzbieta K\u00f6hlerErmschwerderstra\u00dfe 1537213 Witzenhausenfon +49 (0) 176 44572187mail@koehlergalerie.de II. Allgemeines zur Datenverarbeitung 1. Umfang der Verarbeitung personenbezogener Daten Wir verarbeiten personenbezogene Daten unserer Nutzer grunds\u00e4tzlich nur, soweit dies zur Bereitstellung einer [&hellip;]<\/p>\n","protected":false},"author":1,"featured_media":0,"parent":0,"menu_order":11,"comment_status":"closed","ping_status":"closed","template":"","meta":{"_acf_changed":false,"pgc_sgb_lightbox_settings":"","footnotes":""},"class_list":["post-11299","page","type-page","status-publish","hentry"],"acf":[],"aioseo_notices":[],"_links":{"self":[{"href":"https:\/\/koehlergalerie.de\/index.php?rest_route=\/wp\/v2\/pages\/11299","targetHints":{"allow":["GET"]}}],"collection":[{"href":"https:\/\/koehlergalerie.de\/index.php?rest_route=\/wp\/v2\/pages"}],"about":[{"href":"https:\/\/koehlergalerie.de\/index.php?rest_route=\/wp\/v2\/types\/page"}],"author":[{"embeddable":true,"href":"https:\/\/koehlergalerie.de\/index.php?rest_route=\/wp\/v2\/users\/1"}],"replies":[{"embeddable":true,"href":"https:\/\/koehlergalerie.de\/index.php?rest_route=%2Fwp%2Fv2%2Fcomments&post=11299"}],"version-history":[{"count":4,"href":"https:\/\/koehlergalerie.de\/index.php?rest_route=\/wp\/v2\/pages\/11299\/revisions"}],"predecessor-version":[{"id":11304,"href":"https:\/\/koehlergalerie.de\/index.php?rest_route=\/wp\/v2\/pages\/11299\/revisions\/11304"}],"wp:attachment":[{"href":"https:\/\/koehlergalerie.de\/index.php?rest_route=%2Fwp%2Fv2%2Fmedia&parent=11299"}],"curies":[{"name":"wp","href":"https:\/\/api.w.org\/{rel}","templated":true}]}}